{"id":9394,"date":"2023-08-22T18:17:12","date_gmt":"2023-08-22T18:17:12","guid":{"rendered":"https:\/\/www.equilac.com\/kan-symtomen-forvarras-vid-anvandning-av-hastmjolk\/"},"modified":"2023-09-07T15:29:50","modified_gmt":"2023-09-07T15:29:50","slug":"kan-symtomen-forvarras-vid-anvandning-av-hastmjolk","status":"publish","type":"page","link":"https:\/\/www.equilac.com\/sv\/kan-symtomen-forvarras-vid-anvandning-av-hastmjolk\/","title":{"rendered":"Kan symtomen f\u00f6rv\u00e4rras vid anv\u00e4ndning av h\u00e4stmj\u00f6lk?"},"content":{"rendered":"<p>N\u00e4r du anv\u00e4nder h\u00e4stmj\u00f6lk f\u00f6r f\u00f6rsta g\u00e5ngen kan symtomen p\u00e5 vissa tillst\u00e5nd tillf\u00e4lligt f\u00f6rv\u00e4rras. Detta beror p\u00e5 att h\u00e4stmj\u00f6lk huvudsakligen verkar fr\u00e5n tarmarna och p\u00e5verkar tarmfloran d\u00e4r.<\/p>\n<p>I den inledande fasen av intaget kan befintliga klagom\u00e5l bli mer intensiva. Denna reaktion \u00e4r vanligtvis kortlivad och varar i n\u00e5gra dagar. Det \u00e4r ett gott tecken p\u00e5 att <a href=\"https:\/\/www.equilac.com\/sv\/\">h\u00e4stmj\u00f6lken<\/a> b\u00f6rjar fungera och att kroppen reagerar p\u00e5 dess ingredienser.<\/p>\n<p><strong>Vill du veta mer om h\u00e4stmj\u00f6lk?<\/strong><\/p>\n<ul>\n<li><a href=\"https:\/\/www.equilac.com\/sv\/hastmjolk-och-eventuella-biverkningar\/\">N\u00e4r ska man inte anv\u00e4nda h\u00e4stmj\u00f6lk?<\/a><\/li>\n<li><a href=\"https:\/\/www.equilac.com\/sv\/hur-lange-ska-du-ta-hastmjolk-kapslar\/\">Hur l\u00e4nge ska du ta h\u00e4stmj\u00f6lk kapslar?<\/a><\/li>\n<\/ul>\n<p>F\u00f6rv\u00e4rringen sker fr\u00e4mst hos personer med kroniska hudproblem. Det \u00e4r viktigt att inte sluta ta h\u00e4stmj\u00f6lk under denna period utan att forts\u00e4tta. \u00c5terh\u00e4mtningsprocessen b\u00f6rjar n\u00e4r h\u00e4stmj\u00f6lken \u00e4r helt absorberad och fungerar fr\u00e5n insidan och ut.<\/p>\n<p>F\u00f6r b\u00e4sta resultat rekommenderas att h\u00e4stmj\u00f6lkkapslarna anv\u00e4nds under minst tre m\u00e5nader i f\u00f6ljd. H\u00e4stmj\u00f6lk \u00e4r en naturlig produkt och beh\u00f6ver d\u00e4rf\u00f6r tid f\u00f6r att ha en best\u00e5ende positiv effekt p\u00e5 ditt tillst\u00e5nd.<\/p>\n","protected":false},"excerpt":{"rendered":"<p>N\u00e4r du anv\u00e4nder h\u00e4stmj\u00f6lk f\u00f6r f\u00f6rsta g\u00e5ngen kan symtomen p\u00e5 vissa tillst\u00e5nd tillf\u00e4lligt f\u00f6rv\u00e4rras. Detta beror p\u00e5 att h\u00e4stmj\u00f6lk huvudsakligen verkar fr\u00e5n tarmarna och p\u00e5verkar tarmfloran d\u00e4r. I den inledande fasen av intaget kan befintliga klagom\u00e5l bli mer intensiva. Denna reaktion \u00e4r vanligtvis kortlivad och varar i n\u00e5gra dagar. Det \u00e4r ett gott tecken p\u00e5 [&hellip;]<\/p>\n","protected":false},"author":1,"featured_media":1255,"parent":0,"menu_order":0,"comment_status":"closed","ping_status":"closed","template":"","meta":{"_uf_show_specific_survey":0,"_uf_disable_surveys":false,"footnotes":""},"categories":[168,204],"tags":[188],"class_list":["post-9394","page","type-page","status-publish","has-post-thumbnail","hentry","category-stosmjolk","category-use","tag-related-sv"],"jetpack_sharing_enabled":true,"_links":{"self":[{"href":"https:\/\/www.equilac.com\/sv\/wp-json\/wp\/v2\/pages\/9394","targetHints":{"allow":["GET"]}}],"collection":[{"href":"https:\/\/www.equilac.com\/sv\/wp-json\/wp\/v2\/pages"}],"about":[{"href":"https:\/\/www.equilac.com\/sv\/wp-json\/wp\/v2\/types\/page"}],"author":[{"embeddable":true,"href":"https:\/\/www.equilac.com\/sv\/wp-json\/wp\/v2\/users\/1"}],"replies":[{"embeddable":true,"href":"https:\/\/www.equilac.com\/sv\/wp-json\/wp\/v2\/comments?post=9394"}],"version-history":[{"count":0,"href":"https:\/\/www.equilac.com\/sv\/wp-json\/wp\/v2\/pages\/9394\/revisions"}],"wp:featuredmedia":[{"embeddable":true,"href":"https:\/\/www.equilac.com\/sv\/wp-json\/wp\/v2\/media\/1255"}],"wp:attachment":[{"href":"https:\/\/www.equilac.com\/sv\/wp-json\/wp\/v2\/media?parent=9394"}],"wp:term":[{"taxonomy":"category","embeddable":true,"href":"https:\/\/www.equilac.com\/sv\/wp-json\/wp\/v2\/categories?post=9394"},{"taxonomy":"post_tag","embeddable":true,"href":"https:\/\/www.equilac.com\/sv\/wp-json\/wp\/v2\/tags?post=9394"}],"curies":[{"name":"wp","href":"https:\/\/api.w.org\/{rel}","templated":true}]}}